{"version":"1.0","provider_name":"Astro-novinky.eu","provider_url":"https:\/\/www.astro-novinky.eu","title":"Astronomick\u00fd sn\u00edmok d\u0148a zachyt\u00e1va kom\u00e9tu Lemmon nad Vysok\u00fdmi Tatrami - Astro-novinky.eu","type":"rich","width":600,"height":338,"html":"<blockquote class=\"wp-embedded-content\" data-secret=\"VpXbtP7YL5\"><a href=\"https:\/\/www.astro-novinky.eu\/index.php\/2025\/10\/22\/apod\/\">Astronomick\u00fd sn\u00edmok d\u0148a zachyt\u00e1va kom\u00e9tu Lemmon nad Vysok\u00fdmi Tatrami<\/a><\/blockquote><iframe sandbox=\"allow-scripts\" security=\"restricted\" src=\"https:\/\/www.astro-novinky.eu\/index.php\/2025\/10\/22\/apod\/embed\/#?secret=VpXbtP7YL5\" width=\"600\" height=\"338\" title=\"&#8220;Astronomick\u00fd sn\u00edmok d\u0148a zachyt\u00e1va kom\u00e9tu Lemmon nad Vysok\u00fdmi Tatrami&#8221; &#8212; Astro-novinky.eu\" data-secret=\"VpXbtP7YL5\" frameborder=\"0\" marginwidth=\"0\" marginheight=\"0\" scrolling=\"no\" class=\"wp-embedded-content\"><\/iframe><script type=\"text\/javascript\">\n\/* <![CDATA[ *\/\n\/*! This file is auto-generated *\/\n!function(d,l){\"use strict\";l.querySelector&&d.addEventListener&&\"undefined\"!=typeof URL&&(d.wp=d.wp||{},d.wp.receiveEmbedMessage||(d.wp.receiveEmbedMessage=function(e){var t=e.data;if((t||t.secret||t.message||t.value)&&!\/[^a-zA-Z0-9]\/.test(t.secret)){for(var s,r,n,a=l.querySelectorAll('iframe[data-secret=\"'+t.secret+'\"]'),o=l.querySelectorAll('blockquote[data-secret=\"'+t.secret+'\"]'),c=new RegExp(\"^https?:$\",\"i\"),i=0;i<o.length;i++)o[i].style.display=\"none\";for(i=0;i<a.length;i++)s=a[i],e.source===s.contentWindow&&(s.removeAttribute(\"style\"),\"height\"===t.message?(1e3<(r=parseInt(t.value,10))?r=1e3:~~r<200&&(r=200),s.height=r):\"link\"===t.message&&(r=new URL(s.getAttribute(\"src\")),n=new URL(t.value),c.test(n.protocol))&&n.host===r.host&&l.activeElement===s&&(d.top.location.href=t.value))}},d.addEventListener(\"message\",d.wp.receiveEmbedMessage,!1),l.addEventListener(\"DOMContentLoaded\",function(){for(var e,t,s=l.querySelectorAll(\"iframe.wp-embedded-content\"),r=0;r<s.length;r++)(t=(e=s[r]).getAttribute(\"data-secret\"))||(t=Math.random().toString(36).substring(2,12),e.src+=\"#?secret=\"+t,e.setAttribute(\"data-secret\",t)),e.contentWindow.postMessage({message:\"ready\",secret:t},\"*\")},!1)))}(window,document);\n\/\/# sourceURL=https:\/\/www.astro-novinky.eu\/wp-includes\/js\/wp-embed.min.js\n\/* ]]> *\/\n<\/script>\n","thumbnail_url":"https:\/\/www.astro-novinky.eu\/wp-content\/uploads\/2025\/10\/KOMETA-FINAL-SMALL.jpg","thumbnail_width":2048,"thumbnail_height":1365,"description":"Len dva dni po \u00faspe\u0161nej sn\u00edmke z \u010ceskej republiky z\u00edskala titul prest\u00ed\u017eneho Astronomick\u00e9ho sn\u00edmku d\u0148a NASA fotografia Tom\u00e1\u0161a Slovinsk\u00e9ho, ktor\u00e1 zachyt\u00e1va aktu\u00e1lnu kom\u00e9tu Lemmon nad \u0161t\u00edtmi majest\u00e1tnych Vysok\u00fdch Tatier. Pre fotografa pritom ide o jubilejn\u00fa desiatu ocenen\u00fa sn\u00edmku."}